{"id":1483,"date":"2026-02-26T13:27:33","date_gmt":"2026-02-26T13:27:33","guid":{"rendered":"https:\/\/pomiary-elektryczne-warszawa.pl\/wordpress\/?page_id=1483"},"modified":"2026-03-28T16:41:36","modified_gmt":"2026-03-28T16:41:36","slug":"pomiary-oswietlenia","status":"publish","type":"page","link":"https:\/\/pomiary-elektryczne-warszawa.pl\/wordpress\/pomiary-oswietlenia\/","title":{"rendered":"Pomiary o\u015bwietlenia"},"content":{"rendered":"\t\t<div data-elementor-type=\"wp-page\" data-elementor-id=\"1483\" class=\"elementor elementor-1483\">\n\t\t\t\t<div class=\"elementor-element elementor-element-d6b74ce e-flex e-con-boxed tmpcoder-jarallax-no tmpcoder-parallax-no tmpcoder-particle-no tmpcoder-sticky-section-no e-con e-parent\" data-id=\"d6b74ce\" data-element_type=\"container\" data-e-type=\"container\">\n\t\t\t\t\t<div class=\"e-con-inner\">\n\t\t\t\t<div class=\"elementor-element elementor-element-b811954 animated-slow elementor-invisible elementor-widget elementor-widget-heading\" data-id=\"b811954\" data-element_type=\"widget\" data-e-type=\"widget\" data-settings=\"{&quot;_animation&quot;:&quot;fadeInLeft&quot;,&quot;_animation_mobile&quot;:&quot;fadeIn&quot;,&quot;_animation_delay&quot;:500}\" data-widget_type=\"heading.default\">\n\t\t\t\t<div class=\"elementor-widget-container\">\n\t\t\t\t\t<h2 class=\"elementor-heading-title elementor-size-default\">POMIARY O\u015aWIETLENIA<\/h2>\t\t\t\t<\/div>\n\t\t\t\t<\/div>\n\t\t\t\t<div class=\"elementor-element elementor-element-f43e74f animated-slow elementor-invisible elementor-widget elementor-widget-heading\" data-id=\"f43e74f\" data-element_type=\"widget\" data-e-type=\"widget\" data-settings=\"{&quot;_animation&quot;:&quot;fadeInLeft&quot;,&quot;_animation_mobile&quot;:&quot;fadeIn&quot;,&quot;_animation_delay&quot;:1500}\" data-widget_type=\"heading.default\">\n\t\t\t\t<div class=\"elementor-widget-container\">\n\t\t\t\t\t<h2 class=\"elementor-heading-title elementor-size-default\">WYJA\u015aNIENIE METOD na przyk\u0142adzie LUKSOMIERZA LXP-1 FIRMY SONEL<\/h2>\t\t\t\t<\/div>\n\t\t\t\t<\/div>\n\t\t\t\t\t<\/div>\n\t\t\t\t<\/div>\n\t\t<div class=\"elementor-element elementor-element-2850386 e-flex e-con-boxed tmpcoder-jarallax-no tmpcoder-parallax-no tmpcoder-particle-no tmpcoder-sticky-section-no elementor-invisible e-con e-parent\" data-id=\"2850386\" data-element_type=\"container\" data-e-type=\"container\" data-settings=\"{&quot;animation&quot;:&quot;zoomIn&quot;,&quot;animation_mobile&quot;:&quot;rollIn&quot;,&quot;animation_delay&quot;:2000}\">\n\t\t\t\t\t<div class=\"e-con-inner\">\n\t\t\t\t<div class=\"elementor-element elementor-element-f794b37 elementor-widget elementor-widget-text-editor\" data-id=\"f794b37\" data-element_type=\"widget\" data-e-type=\"widget\" data-widget_type=\"text-editor.default\">\n\t\t\t\t<div class=\"elementor-widget-container\">\n\t\t\t\t\t\t\t\t\t<p>Mo\u017cliwo\u015bci percepcyjne, a przez to stan psychofizyczny cz\u0142owieka zale\u017c\u0105 w bardzo du\u017cym stopniu od \u015brodowiska, w jakim aktualnie przebywa. Czynnikami wp\u0142ywaj\u0105cymi na komfort psychiczny, a co za tym idzie zachowanie i mo\u017cliwo\u015bci, mo\u017ce by\u0107 wszystko, co jest odbierane zmys\u0142ami: temperatura, poziom ha\u0142asu, odczucia zapachowe, ale przede wszystkim szeroko rozumiane bod\u017ace \u015bwietlne. Medycyna udowodni\u0142a, \u017ce przebywanie w miejscach o nienaturalnym dla cz\u0142owieka o\u015bwietleniu mo\u017ce nie tylko przyspiesza\u0107 powstawanie uczucia zm\u0119czenia czy spowodowa\u0107 powstanie wad wzroku, ale r\u00f3wnie\u017c wp\u0142yn\u0105\u0107 na powstanie szeregu innych chor\u00f3b, pozornie niezwi\u0105zanych z wp\u0142ywem \u015bwiat\u0142a na organizm ludzki.<br \/>Mo\u017cliwo\u015b\u0107 negatywnego wp\u0142ywu o\u015bwietlenia na cz\u0142owieka jest szczeg\u00f3lnie istotna w sensie bezpiecze\u0144stwa oraz wydajno\u015bci pracy.<br \/>Zasadniczo, odbi\u00f3r bod\u017ac\u00f3w \u015bwietlnych zale\u017cy od indywidualnych cech danego cz\u0142owieka, niemniej jednak jest zbli\u017cony dla r\u00f3\u017cnych ludzi (podobnie, jak ma si\u0119 to z innymi odbieranymi bod\u017acami, np. odczuwaniem ciep\u0142a b\u0105d\u017a ch\u0142odu); dlatego te\u017c powsta\u0142y odpowiednie przepisy reguluj\u0105ce wymagane warto\u015bci i rodzaje o\u015bwietlenia w miejscach przebywania i pracy ludzi. \u015awiat\u0142o widzialne przez cz\u0142owieka jest fal\u0105 elektromagnetyczn\u0105 o d\u0142ugo\u015bci od ok. 380 do ok. 780nm (rys.1). Czu\u0142o\u015b\u0107 oka ludzkiego nie jest jednakowa w ka\u017cdych warunkach; wynika to z budowy i rozmieszczenia receptor\u00f3w wewn\u0105trz oka oraz natury samego \u015bwiat\u0142a<\/p>\t\t\t\t\t\t\t\t<\/div>\n\t\t\t\t<\/div>\n\t\t\t\t<div class=\"elementor-element elementor-element-062e08b elementor-widget elementor-widget-image\" data-id=\"062e08b\" data-element_type=\"widget\" data-e-type=\"widget\" data-widget_type=\"image.default\">\n\t\t\t\t<div class=\"elementor-widget-container\">\n\t\t\t\t\t\t\t\t\t\t\t\t\t\t\t<img fetchpriority=\"high\" decoding=\"async\" width=\"798\" height=\"156\" src=\"https:\/\/pomiary-elektryczne-warszawa.pl\/wordpress\/wp-content\/uploads\/2026\/02\/oswietlenie-1.jpg\" class=\"attachment-large size-large wp-image-1488\" alt=\"\" srcset=\"https:\/\/pomiary-elektryczne-warszawa.pl\/wordpress\/wp-content\/uploads\/2026\/02\/oswietlenie-1.jpg 798w, https:\/\/pomiary-elektryczne-warszawa.pl\/wordpress\/wp-content\/uploads\/2026\/02\/oswietlenie-1-300x59.jpg 300w, https:\/\/pomiary-elektryczne-warszawa.pl\/wordpress\/wp-content\/uploads\/2026\/02\/oswietlenie-1-768x150.jpg 768w\" sizes=\"(max-width: 798px) 100vw, 798px\" \/>\t\t\t\t\t\t\t\t\t\t\t\t\t\t\t<\/div>\n\t\t\t\t<\/div>\n\t\t\t\t<div class=\"elementor-element elementor-element-e7b98cd elementor-widget elementor-widget-text-editor\" data-id=\"e7b98cd\" data-element_type=\"widget\" data-e-type=\"widget\" data-widget_type=\"text-editor.default\">\n\t\t\t\t<div class=\"elementor-widget-container\">\n\t\t\t\t\t\t\t\t\t<p>Rys. 1. Zakres widzialny fal elektromagnetycznych<\/p><p>W warunkach \u015bwiat\u0142a dziennego oko jest najbardziej czu\u0142e na barwy zielone (rys. 2), natomiast w nocy lub przy bardzo s\u0142abym o\u015bwietleniu czu\u0142o\u015b\u0107 ta zmienia si\u0119 w kierunku barw niebieskich (st\u0105d subiektywne odczucie, \u017ce w nocy wszystko jest szare &#8211; rys. 3).<\/p>\t\t\t\t\t\t\t\t<\/div>\n\t\t\t\t<\/div>\n\t\t\t\t<div class=\"elementor-element elementor-element-8c55269 elementor-widget elementor-widget-image\" data-id=\"8c55269\" data-element_type=\"widget\" data-e-type=\"widget\" data-widget_type=\"image.default\">\n\t\t\t\t<div class=\"elementor-widget-container\">\n\t\t\t\t\t\t\t\t\t\t\t\t\t\t\t<img decoding=\"async\" width=\"916\" height=\"584\" src=\"https:\/\/pomiary-elektryczne-warszawa.pl\/wordpress\/wp-content\/uploads\/2026\/02\/oswietlenie-2.jpg\" class=\"attachment-large size-large wp-image-1489\" alt=\"\" srcset=\"https:\/\/pomiary-elektryczne-warszawa.pl\/wordpress\/wp-content\/uploads\/2026\/02\/oswietlenie-2.jpg 916w, https:\/\/pomiary-elektryczne-warszawa.pl\/wordpress\/wp-content\/uploads\/2026\/02\/oswietlenie-2-300x191.jpg 300w, https:\/\/pomiary-elektryczne-warszawa.pl\/wordpress\/wp-content\/uploads\/2026\/02\/oswietlenie-2-768x490.jpg 768w\" sizes=\"(max-width: 916px) 100vw, 916px\" \/>\t\t\t\t\t\t\t\t\t\t\t\t\t\t\t<\/div>\n\t\t\t\t<\/div>\n\t\t\t\t<div class=\"elementor-element elementor-element-dc1d7ae elementor-widget elementor-widget-text-editor\" data-id=\"dc1d7ae\" data-element_type=\"widget\" data-e-type=\"widget\" data-widget_type=\"text-editor.default\">\n\t\t\t\t<div class=\"elementor-widget-container\">\n\t\t\t\t\t\t\t\t\t<p>Rys. 2. Wykres czu\u0142o\u015bci widmowej dla widzenia w dzie\u0144.<\/p>\t\t\t\t\t\t\t\t<\/div>\n\t\t\t\t<\/div>\n\t\t\t\t<div class=\"elementor-element elementor-element-3771ba6 elementor-widget elementor-widget-image\" data-id=\"3771ba6\" data-element_type=\"widget\" data-e-type=\"widget\" data-widget_type=\"image.default\">\n\t\t\t\t<div class=\"elementor-widget-container\">\n\t\t\t\t\t\t\t\t\t\t\t\t\t\t\t<img decoding=\"async\" width=\"1024\" height=\"627\" src=\"https:\/\/pomiary-elektryczne-warszawa.pl\/wordpress\/wp-content\/uploads\/2026\/02\/oswietlenie-3-1024x627.jpg\" class=\"attachment-large size-large wp-image-1490\" alt=\"\" srcset=\"https:\/\/pomiary-elektryczne-warszawa.pl\/wordpress\/wp-content\/uploads\/2026\/02\/oswietlenie-3-1024x627.jpg 1024w, https:\/\/pomiary-elektryczne-warszawa.pl\/wordpress\/wp-content\/uploads\/2026\/02\/oswietlenie-3-300x184.jpg 300w, https:\/\/pomiary-elektryczne-warszawa.pl\/wordpress\/wp-content\/uploads\/2026\/02\/oswietlenie-3-768x471.jpg 768w, https:\/\/pomiary-elektryczne-warszawa.pl\/wordpress\/wp-content\/uploads\/2026\/02\/oswietlenie-3.jpg 1051w\" sizes=\"(max-width: 1024px) 100vw, 1024px\" \/>\t\t\t\t\t\t\t\t\t\t\t\t\t\t\t<\/div>\n\t\t\t\t<\/div>\n\t\t\t\t<div class=\"elementor-element elementor-element-a8ccb80 elementor-widget elementor-widget-text-editor\" data-id=\"a8ccb80\" data-element_type=\"widget\" data-e-type=\"widget\" data-widget_type=\"text-editor.default\">\n\t\t\t\t<div class=\"elementor-widget-container\">\n\t\t\t\t\t\t\t\t\t<p>Rys. 3. Wykres czu\u0142o\u015bci widmowej dla widzenia w nocy.<\/p><p>Oko przystosowane do \u015bwiat\u0142a dziennego ma najwi\u0119ksz\u0105 czu\u0142o\u015b\u0107 dla fali o d\u0142ugo\u015bci ok. 555nm, za\u015b oko przystosowane do ciemno\u015bci dla fali ok. 507nm. Adaptacja wzroku w zale\u017cno\u015bci od o\u015bwietlenia nast\u0119puje po jakim\u015b czasie, dlatego podczas gwa\u0142townej zmiany o\u015bwietlenia z du\u017cego na s\u0142abe widzimy gorzej, i na odwr\u00f3t \u2013 wej\u015bcie z ciemno\u015bci do o\u015bwietlonego pomieszczenia powoduje chwilowe \u201eo\u015blepienie\u201d. Jednak podczas pomiar\u00f3w o\u015bwietlenia wymaga si\u0119, aby charakterystyka przyrz\u0105du odpowiada\u0142a oku zaadaptowanemu do jasno\u015bci. Krzyw\u0105 widmow\u0105 odpowiadaj\u0105c\u0105 takiej czu\u0142o\u015bci nazywamy krzyw\u0105 fotopow\u0105 V\u03bb, jest ona przydatna do wyliczania wielko\u015bci fotometrycznych.<br \/>Ustalaj\u0105c kryteria doboru w\u0142a\u015bciwo\u015bci o\u015bwietlenia nale\u017cy bra\u0107 pod uwag\u0119 zar\u00f3wno zalecenia Mi\u0119dzynarodowej Komisji O\u015bwietleniowej (CIE), okre\u015blaj\u0105c\u0105 optymalne warunki dla o\u015bwietlenia pomieszcze\u0144 w zale\u017cno\u015bci od sposobu ich wykorzystywania, jak i lokalne przepisy \u2013 w naszym wypadku Polskie Normy.<\/p><p>Polski Komitet Normalizacyjny stoi na stanowisku, i\u017c nie mo\u017cna nakazywa\u0107, ani te\u017c zabrania\u0107 stosowania Polskich Norm, przy czym wycofanie normy nie oznacza jej uniewa\u017cnienia i tym bardziej zakazu stosowania. Dlatego te\u017c, prowadz\u0105c badania o\u015bwietlenia, opr\u00f3cz aktualnej normy PN\u2011EN\u00a012464-1 \u201eTechnika \u015bwietlna \u2013 O\u015bwietlenie miejsc pracy \u2013 Cz\u0119\u015b\u0107 1: Miejsca pracy wewn\u0105trz pomieszcze\u0144\u201d mo\u017cna r\u00f3wnie\u017c posi\u0142kowa\u0107 si\u0119 przepisami zawartymi w normach PN\u201184\/E-02033 \u201eO\u015bwietlenie wn\u0119trz \u015bwiat\u0142em elektrycznym\u201d (gdzie zawarte s\u0105 przepisy dotycz\u0105ce najmniejszych wymaganych warto\u015bci nat\u0119\u017cenia o\u015bwietlenia typowych stanowisk pracy), oraz normach PN\u201171\/E-02034 i PN\u201184\/E-02035; przy czym nale\u017cy zauwa\u017cy\u0107, \u017ce podawane warto\u015bci (r\u00f3wnie\u017c w normie aktualnej) odpowiadaj\u0105 minimalnym zaleceniom CIE. Niemniej, norma PN\u201184\/E-02033 zaleca\u0142a zwi\u0119ksza\u0107 wymagane warto\u015bci dla wszelkich sytuacji, kiedy b\u0142\u0105d spowodowany z\u0142ym postrzeganiem m\u00f3g\u0142by spowodowa\u0107 wypadek, lub wi\u0119kszo\u015b\u0107 pracownik\u00f3w stanowi\u0105 osoby w wieku ponad 40 lat; albo zmniejsza\u0107 te warto\u015bci, je\u015bli np. praca na danym miejscu ma charakter kr\u00f3tkotrwa\u0142y.<\/p><p>Zalecenia CIE okre\u015blaj\u0105 progowe warto\u015bci luminancji dla optymalnych warunk\u00f3w spostrzegania, poniewa\u017c za\u015b \u0142atwiej jest mierzy\u0107 warto\u015bci nat\u0119\u017cenia o\u015bwietlenia, wymogi podawane s\u0105 w\u0142a\u015bnie dla tej wielko\u015bci. Dodatkowo, podaje si\u0119 r\u00f3wnie\u017c zalecan\u0105 r\u00f3wnomierno\u015b\u0107 nat\u0119\u017cenia o\u015bwietlenia w polu widzenia, czyli jak mo\u017ce by\u0107 eksponowane miejsce, gdzie znajduje si\u0119 przedmiot pracy. Nadmierna nier\u00f3wnomierno\u015b\u0107 o\u015bwietlenia (np. nieos\u0142oni\u0119te \u017ar\u00f3d\u0142a \u015bwiat\u0142a w polu widzenia) mo\u017ce powodowa\u0107 ol\u015bnienie, kt\u00f3re mo\u017ce zmniejszy\u0107 zdolno\u015b\u0107 rozpoznawania detali lub powodowa\u0107 odczucie niewygody. R\u00f3wnomierno\u015b\u0107 nat\u0119\u017cenia o\u015bwietlenia powinna by\u0107 r\u00f3wnie\u017c zachowana w czasie, ze wzgl\u0119du na okre\u015blony czas adaptacji oka do zmian. Dlatego istotny jest poziom t\u0119tnienia, a co za tym idzie, migotania \u015bwiat\u0142a.<\/p><p>Barwa \u015bwiat\u0142a jest kolejnym czynnikiem, kt\u00f3ry ma istotny wp\u0142yw na samopoczucie os\u00f3b przebywaj\u0105cych w pomieszczeniu. Najoptymalniejsze o\u015bwietlenie to takie, kt\u00f3rego sk\u0142ad widmowy jest najbardziej zbli\u017cony do \u015bwiat\u0142a dziennego. \u0179r\u00f3d\u0142a \u015bwiat\u0142a dzieli si\u0119 wg temperatury barwowej na \u015bwiat\u0142o ciep\u0142e, bia\u0142e oraz ch\u0142odne. Zaleca si\u0119, aby przy mniejszych nat\u0119\u017ceniach o\u015bwietlenia (do 300-500 lx) stosowa\u0107 \u017ar\u00f3d\u0142a \u015bwiat\u0142a o barwie ciep\u0142ej. Temperatur\u0119 barwow\u0105 mo\u017cna okre\u015bli\u0107 na podstawie wska\u017anika oddawania barw (Ra), kt\u00f3ry odzwierciedla r\u00f3\u017cnic\u0119 barw przedmiotu o\u015bwietlonego \u015bwiat\u0142em naturalnym oraz badanym. \u0179r\u00f3d\u0142a o wzgl\u0119dnie du\u017cym wsp\u00f3\u0142czynniku Ra to np. zwyk\u0142e \u017car\u00f3wki. W wi\u0119kszo\u015bci pomieszcze\u0144 produkcyjnych mo\u017cna stosowa\u0107 \u015bwietl\u00f3wki o wska\u017aniku powy\u017cej 70. \u0179r\u00f3d\u0142a o wska\u017aniku poni\u017cej 70 (lampy rt\u0119ciowe, sodowe) stosuje si\u0119 wsz\u0119dzie tam, gdzie rozr\u00f3\u017cnianie barw ma drugorz\u0119dne znaczenie (o\u015bwietlenie korytarzy, magazyn\u00f3w itp.).<br \/>Pomiary parametr\u00f3w pozwalaj\u0105cych na ocen\u0119 warunk\u00f3w o\u015bwietlenia powinny by\u0107 wykonywane przy odbiorze nowych urz\u0105dze\u0144 o\u015bwietleniowych, podczas modernizacji istniej\u0105cych, lub okresowo co 5 lat. Zaleca si\u0119 prowadzenie bada\u0144 nie rzadziej ni\u017c co 2 lata.<br \/>Poniewa\u017c pomiary wykonywane s\u0105 na okre\u015blonych powierzchniach, nale\u017cy wykona\u0107 szkice z zaznaczonymi obszarami, rozmieszczeniem \u017ar\u00f3de\u0142 \u015bwiat\u0142a, stanowiskami pracy, wysoko\u015bciami pomieszcze\u0144 itp. Wykonywanie szkic\u00f3w mo\u017ce by\u0107 znacznie uproszczone przy zastosowaniu programu komputerowego Sonel Schematic; wydruki b\u0119d\u0105 mog\u0142y by\u0107 za\u0142\u0105czone do sporz\u0105dzonych protoko\u0142\u00f3w.<br \/>Pomiary urz\u0105dze\u0144 o\u015bwietleniowych w pomieszczeniach powinno wykonywa\u0107 si\u0119 przy braku o\u015bwietlenia zewn\u0119trznego \u2013 przy ca\u0142kowicie zas\u0142oni\u0119tych oknach, a je\u015bli jest to niemo\u017cliwe, w nocy. Sylwetka pomiarowca nie mo\u017ce mie\u0107 wp\u0142ywu na wyniki, dlatego osoba wykonuj\u0105ca pomiary powinna mie\u0107 ciemne ubranie, za\u015b podczas pomiar\u00f3w ustawia\u0107 si\u0119 jak najdalej od punktu wykonywania pomiar\u00f3w. Dlatego te\u017c optymalnym miernikiem jest przyrz\u0105d, kt\u00f3ry ma mo\u017cliwo\u015b\u0107 jak najdalszego oddalenia czujnika. Rozwi\u0105zanie takie zastosowane jest m. in. w luksomierzu LXP-1 produkcji Sonel S.A.<\/p><p>Pomiary powinny by\u0107 wykonywane w p\u0142aszczy\u017anie zadania (np. powierzchnia biurka), umieszczaj\u0105c czujnik bezpo\u015brednio na p\u0142aszczy\u017anie pod k\u0105tem, pod jakim jest ona umieszczona. Je\u015bli jako \u017ar\u00f3d\u0142a \u015bwiat\u0142a zastosowane s\u0105 lampy wy\u0142adowcze, powinny by\u0107 w\u0142\u0105czone przynajmniej p\u00f3\u0142 godziny przed pomiarem. Lampy wy\u0142adowcze nie mog\u0105 by\u0107 nowe, powinny pracowa\u0107 co najmniej 100 godzin przed pomiarami (dla \u017car\u00f3wek i o\u015bwietlenia halogenowego jest to tylko godzina, za\u015b pomiary mo\u017cna wykonywa\u0107 od razu po za\u0142\u0105czeniu o\u015bwietlenia).<br \/>Poniewa\u017c norma PN-EN\u00a012464-1 okre\u015bla jedynie zakres procedur weryfikacyjnych, przy ustalaniu szczeg\u00f3\u0142\u00f3w pomiaru mo\u017cna posi\u0142kowa\u0107 si\u0119 wycofanymi normami PN-84\/E-02033 oraz PN-84\/E04040.03.<br \/>W pomieszczeniach z konkretnymi stanowiskami pracy punkty pomiarowe ustala si\u0119 bezpo\u015brednio na ka\u017cdym stanowisku (przewa\u017cnie 4-9 punkt\u00f3w). W pomieszczeniach ma\u0142ych pomiary wykonuje si\u0119 co 1m (mo\u017cna nanie\u015b\u0107 na szkic siatk\u0119 pomocnicz\u0105). Dla wi\u0119kszych pomieszcze\u0144 przydatne b\u0119dzie zastosowanie wzoru z normy PN-84\/E-02033, pozwalaj\u0105cego wyliczy\u0107 minimaln\u0105 ilo\u015b\u0107 punkt\u00f3w pomiarowych dla danego pomieszczenia, w zale\u017cno\u015bci od wymiar\u00f3w oraz wysoko\u015bci zawieszenia \u017ar\u00f3de\u0142 \u015bwiat\u0142a.<br \/>Na podstawie pomiar\u00f3w mo\u017cna wyliczy\u0107 r\u00f3wnomierno\u015b\u0107 o\u015bwietlenia dla danego miejsca (p\u0142aszczyzny roboczej, ci\u0105gu komunikacyjnego).<br \/>Dla pomiaru o\u015bwietlenia wn\u0119trz \u015bwiat\u0142em dziennym nale\u017cy przeprowadzi\u0107 pomiary, kt\u00f3re pozwol\u0105 okre\u015bli\u0107 wsp\u00f3\u0142czynnik \u015bwiat\u0142a dziennego. W tym celu, pos\u0142uguj\u0105c si\u0119 dwoma luksomierzami, wykonujemy pomiary jednocze\u015bnie na zewn\u0105trz oraz wewn\u0105trz pomieszcze\u0144 o\u015bwietlonych przez okna lub \u015bwietliki (u\u0142atwieniem b\u0119dzie tu zegar czasu rzeczywistego zastosowany w luksomierzach, np. w modelu LXP-1).<\/p><p>Z kolei podczas pomiar\u00f3w o\u015bwietlenia awaryjnego mamy do czynienia z bardzo ma\u0142ymi warto\u015bciami nat\u0119\u017cenia o\u015bwietlenia, u\u017cyty przyrz\u0105d musi mie\u0107 mo\u017cliwo\u015b\u0107 mierzenia takich warto\u015bci (od 0,1lx). Podobnie w strefach wysokiego ryzyka, gdzie konieczne jest sprawdzenie r\u00f3wnomierno\u015bci nat\u0119\u017cenia o\u015bwietlenia z bardzo du\u017c\u0105 rozdzielczo\u015bci\u0105.<br \/>Na rynku dost\u0119pnych jest wiele urz\u0105dze\u0144 do pomiar\u00f3w nat\u0119\u017cenia o\u015bwietlenia, od bardzo prostych do takich, kt\u00f3re posiadaj\u0105 du\u017co wi\u0119cej mo\u017cliwo\u015bci ni\u017c jest to wymagane. Dobieraj\u0105c przyrz\u0105d nale\u017cy zwr\u00f3ci\u0107 uwag\u0119 przede wszystkim na posiadanie przez przyrz\u0105d \u015bwiadectwa wzorcowania, gdy\u017c ogniwo fotoelektryczne b\u0119d\u0105ce czujnikiem starzeje si\u0119 w czasie, dlatego powinno by\u0107 poddawane okresowej kontroli metrologicznej. Zdecydowanie lepszym wyborem b\u0119dzie przyrz\u0105d z zastosowanym ogniwem krzemowym, kt\u00f3re wymaga wzorcowania co 2 lata (ogniwa selenowe \u2013 co p\u00f3\u0142 roku). Nale\u017cy zwr\u00f3ci\u0107 uwag\u0119 r\u00f3wnie\u017c na dok\u0142adno\u015b\u0107 przyrz\u0105du, oraz na jego charakterystyk\u0119 czu\u0142o\u015bci widmowej V\u03bb \u2013 musi by\u0107 dopasowana do wymog\u00f3w krzywej CIE (rys.\u00a04). Czujnik musi mie\u0107 korekcj\u0119 na uko\u015bne padanie \u015bwiat\u0142a (charakterystyka cosinus).<\/p>\t\t\t\t\t\t\t\t<\/div>\n\t\t\t\t<\/div>\n\t\t\t\t<div class=\"elementor-element elementor-element-a2138bb elementor-widget elementor-widget-image\" data-id=\"a2138bb\" data-element_type=\"widget\" data-e-type=\"widget\" data-widget_type=\"image.default\">\n\t\t\t\t<div class=\"elementor-widget-container\">\n\t\t\t\t\t\t\t\t\t\t\t\t\t\t\t<img loading=\"lazy\" decoding=\"async\" width=\"876\" height=\"554\" src=\"https:\/\/pomiary-elektryczne-warszawa.pl\/wordpress\/wp-content\/uploads\/2026\/02\/oswietlenie-4.jpg\" class=\"attachment-large size-large wp-image-1491\" alt=\"\" srcset=\"https:\/\/pomiary-elektryczne-warszawa.pl\/wordpress\/wp-content\/uploads\/2026\/02\/oswietlenie-4.jpg 876w, https:\/\/pomiary-elektryczne-warszawa.pl\/wordpress\/wp-content\/uploads\/2026\/02\/oswietlenie-4-300x190.jpg 300w, https:\/\/pomiary-elektryczne-warszawa.pl\/wordpress\/wp-content\/uploads\/2026\/02\/oswietlenie-4-768x486.jpg 768w\" sizes=\"(max-width: 876px) 100vw, 876px\" \/>\t\t\t\t\t\t\t\t\t\t\t\t\t\t\t<\/div>\n\t\t\t\t<\/div>\n\t\t\t\t<div class=\"elementor-element elementor-element-7cdb91c elementor-widget elementor-widget-text-editor\" data-id=\"7cdb91c\" data-element_type=\"widget\" data-e-type=\"widget\" data-widget_type=\"text-editor.default\">\n\t\t\t\t<div class=\"elementor-widget-container\">\n\t\t\t\t\t\t\t\t\t<p>Rys. 4. Charakterystyka czu\u0142o\u015bci widmowej SONEL LXP-1.<\/p><p>Wprowadzony na rynek przez firm\u0119 SONEL S.A. miernik do badania nat\u0119\u017cenia o\u015bwietlania LXP-1 jest narz\u0119dziem spe\u0142niaj\u0105cym wszystkie wymagania pozwalaj\u0105ce na wykonywanie bada\u0144 o\u015bwietlenia, w tym stanowisk pracy oraz o\u015bwietlenia ewakuacyjnego. Elementem \u015bwiat\u0142oczu\u0142ym jest tu fotodioda krzemowa, za\u015b filtr czu\u0142o\u015bci widmowej zapewnia odpowiedni\u0105 charakterystyk\u0119 widmow\u0105 (rys.\u00a04). Fotoogniwo jest skorygowane kierunkowo do krzywej cosinus i umieszczone w zewn\u0119trznej sondzie po\u0142\u0105czonej z miernikiem p\u00f3\u0142torametrowym\u00a0 przewodem, co u\u0142atwia pomiary w miejscach trudno dost\u0119pnych i pozwala na oddalenie osoby wykonuj\u0105cej pomiary od badanego obiektu.<\/p><p>Do podstawowych cech przyrz\u0105du nale\u017c\u0105:<\/p><ul><li>maksymalna rozdzielczo\u015bci pomiaru nat\u0119\u017cenia \u015bwiat\u0142a 0,1Lx,<\/li><li>funkcja Data-hold s\u0142u\u017c\u0105ca zatrzymywaniu wy\u015bwietlanych warto\u015bci pomiarowych na ekranie,<\/li><li>\u00a0kr\u00f3tkie czasy reakcji na zmian\u0119 nat\u0119\u017cenia o\u015bwietlenia,<\/li><li>cztery zakresy pomiarowe,<\/li><li>\u00a0funkcja zatrzymania warto\u015bci szczytowej (Peak-hold) pozwalaj\u0105ca na pomiar sygna\u0142u szczytowego impulsu \u015bwietlnego o czasie trwania d\u0142u\u017cszym ni\u017c 10\u03bcs,<\/li><li>mo\u017cliwo\u015b\u0107 wyboru jednostek pomiarowych Lx (luksy) lub Fc (stopokandele),<\/li><li>pomiary warto\u015bci maksymalnych i minimalnych,<\/li><li>odczyty wzgl\u0119dne,<\/li><li>du\u017cy i \u0142atwy w odczycie pod\u015bwietlany wy\u015bwietlacz,<\/li><li>zapis 99 warto\u015bci w pami\u0119ci, kt\u00f3re mog\u0105 zosta\u0107 odczytane w mierniku,<\/li><li>z\u0142\u0105cze USB pozwalaj\u0105ce na po\u0142\u0105czenie urz\u0105dzenia z komputerem,<\/li><li>rejestrator danych o mo\u017cliwo\u015bci zapisu ponad 16000 warto\u015bci,<\/li><\/ul><p>Dla niestandardowych \u017ar\u00f3de\u0142 \u015bwiat\u0142a wsp\u00f3\u0142czynnik korekty nie musi by\u0107 obliczany r\u0119cznie, nie trzeba te\u017c prze\u0142\u0105cza\u0107 miernika w okre\u015blony tryb w zale\u017cno\u015bci od \u017ar\u00f3d\u0142a \u015bwiat\u0142a.<br \/>Niew\u0105tpliw\u0105 zalet\u0105 przyrz\u0105du jest mo\u017cliwo\u015b\u0107 wsp\u00f3\u0142pracy z programem do tworzenia protoko\u0142\u00f3w z badania o\u015bwietlenia \u201e<strong>FOTON 12464\u201d<\/strong>. Wyniki pomiar\u00f3w, zgromadzone w pami\u0119ci LXP-1 mo\u017cna przes\u0142a\u0107 do komputera i wykorzysta\u0107 w spos\u00f3b automatyczny w protoko\u0142ach tworzonych programem FOTON.<\/p><p>Obs\u0142uga miernika LXP-1 jest bardzo prosta. Aby wykona\u0107 pomiar, wystarczy w\u0142\u0105czy\u0107 zasilanie miernika, zdj\u0105\u0107 pokryw\u0119 sondy i skierowa\u0107 sond\u0119 w kierunku \u017ar\u00f3d\u0142a \u015bwiat\u0142a. Miernik wskazuje aktualn\u0105 warto\u015b\u0107 nat\u0119\u017cenia o\u015bwietlenia na wy\u015bwietlaczu. Ze wzgl\u0119du na du\u017c\u0105 czu\u0142o\u015b\u0107 fotoogniwa wy\u015bwietlana warto\u015b\u0107 mo\u017ce si\u0119 nieznacznie waha\u0107, dlatego nale\u017cy zapewni\u0107 niezmienno\u015b\u0107 warunk\u00f3w pomiarowych (brak ruchu os\u00f3b w otoczeniu, nieruchoma sonda). Ustalon\u0105 warto\u015b\u0107 mo\u017cemy wpisa\u0107 do pami\u0119ci miernika przyciskiem REC\/SETUP. Je\u017celi warto\u015b\u0107 si\u0119 waha, u\u017cytkownik mo\u017ce wyznaczy\u0107, w zale\u017cno\u015bci od potrzeby, minimaln\u0105 lub maksymaln\u0105 warto\u015b\u0107, jaka zosta\u0142a zarejestrowana przez miernik (naciskaj\u0105c podczas pomiaru przycisk \u201eMAX\u201d lub \u201eMIN\u201d) i tak\u0105 wprowadzi\u0107 do pami\u0119ci.<br \/>Przyrz\u0105d pozwala zmierzy\u0107 r\u00f3wnie\u017c kr\u00f3tkie impulsy \u015bwiat\u0142a (o czasie d\u0142u\u017cszym ni\u017c 10\u03bcs); po naci\u015bni\u0119ciu przycisku PEAK wybieramy tryb rejestracji Pmin lub Pmax.<\/p>\t\t\t\t\t\t\t\t<\/div>\n\t\t\t\t<\/div>\n\t\t\t\t<div class=\"elementor-element elementor-element-45b3cb1 elementor-widget elementor-widget-image\" data-id=\"45b3cb1\" data-element_type=\"widget\" data-e-type=\"widget\" data-widget_type=\"image.default\">\n\t\t\t\t<div class=\"elementor-widget-container\">\n\t\t\t\t\t\t\t\t\t\t\t\t\t\t\t<img loading=\"lazy\" decoding=\"async\" width=\"327\" height=\"809\" src=\"https:\/\/pomiary-elektryczne-warszawa.pl\/wordpress\/wp-content\/uploads\/2026\/02\/oswietlenie-5.jpg\" class=\"attachment-large size-large wp-image-1492\" alt=\"\" srcset=\"https:\/\/pomiary-elektryczne-warszawa.pl\/wordpress\/wp-content\/uploads\/2026\/02\/oswietlenie-5.jpg 327w, https:\/\/pomiary-elektryczne-warszawa.pl\/wordpress\/wp-content\/uploads\/2026\/02\/oswietlenie-5-121x300.jpg 121w\" sizes=\"(max-width: 327px) 100vw, 327px\" \/>\t\t\t\t\t\t\t\t\t\t\t\t\t\t\t<\/div>\n\t\t\t\t<\/div>\n\t\t\t\t<div class=\"elementor-element elementor-element-c8b62f6 elementor-widget elementor-widget-text-editor\" data-id=\"c8b62f6\" data-element_type=\"widget\" data-e-type=\"widget\" data-widget_type=\"text-editor.default\">\n\t\t\t\t<div class=\"elementor-widget-container\">\n\t\t\t\t\t\t\t\t\t<p>Miernik mo\u017ce by\u0107 uruchomiony r\u00f3wnie\u017c w trybie rejestratora danych. Funkcja ta jest pomocna w sytuacji, gdy u\u017cytkownik chce zarejestrowa\u0107 zmienno\u015b\u0107 o\u015bwietlenia w okre\u015blonym czasie. Rejestrator mo\u017cna te\u017c wykorzysta\u0107 przy badaniu bardzo d\u0142ugich odcink\u00f3w np. dr\u00f3g ewakuacyjnych przy za\u0142o\u017ceniu, \u017ce przemieszczanie sondy odbywa\u0107 si\u0119 b\u0119dzie w ruchu w miar\u0119 jednostajnym. Cz\u0119stotliwo\u015b\u0107 rejestracji mo\u017cna ustawi\u0107 z zakresu 1-99s.<br \/>Programowalny zegar czasu rzeczywistego umo\u017cliwia prac\u0119 urz\u0105dzenia w sytuacjach, kiedy konieczna jest synchronizacja czasu (np. podczas pomiar\u00f3w o\u015bwietlenia pomieszcze\u0144 \u015bwiat\u0142em dziennym).<br \/>Atutem miernika s\u0105 jego niewielkie wymiary i ergonomiczny kszta\u0142t obudowy, co sprawia, \u017ce przyrz\u0105d jest wygodny w u\u017cytkowaniu. Standardowe wyposa\u017cenie stanowi miernik, sonda z przewodem, instrukcja obs\u0142ugi, przew\u00f3d USB oraz p\u0142yta CD z programem \u201eLight Meter\u201d, umo\u017cliwiaj\u0105cym odczyt danych do komputera a tak\u017ce prac\u0119 przyrz\u0105du jako rejestratora on-line. Ca\u0142y zestaw dostarczony jest w wygodnej, plastikowej walizce.<\/p>\t\t\t\t\t\t\t\t<\/div>\n\t\t\t\t<\/div>\n\t\t\t\t<div class=\"elementor-element elementor-element-bbdc939 elementor-widget elementor-widget-image\" data-id=\"bbdc939\" data-element_type=\"widget\" data-e-type=\"widget\" data-widget_type=\"image.default\">\n\t\t\t\t<div class=\"elementor-widget-container\">\n\t\t\t\t\t\t\t\t\t\t\t\t\t\t\t<img loading=\"lazy\" decoding=\"async\" width=\"301\" height=\"440\" src=\"https:\/\/pomiary-elektryczne-warszawa.pl\/wordpress\/wp-content\/uploads\/2026\/02\/oswietlenie-6.jpg\" class=\"attachment-large size-large wp-image-1493\" alt=\"\" srcset=\"https:\/\/pomiary-elektryczne-warszawa.pl\/wordpress\/wp-content\/uploads\/2026\/02\/oswietlenie-6.jpg 301w, https:\/\/pomiary-elektryczne-warszawa.pl\/wordpress\/wp-content\/uploads\/2026\/02\/oswietlenie-6-205x300.jpg 205w\" sizes=\"(max-width: 301px) 100vw, 301px\" \/>\t\t\t\t\t\t\t\t\t\t\t\t\t\t\t<\/div>\n\t\t\t\t<\/div>\n\t\t\t\t<div class=\"elementor-element elementor-element-ca57094 elementor-widget elementor-widget-text-editor\" data-id=\"ca57094\" data-element_type=\"widget\" data-e-type=\"widget\" data-widget_type=\"text-editor.default\">\n\t\t\t\t<div class=\"elementor-widget-container\">\n\t\t\t\t\t\t\t\t\t<p>Dobrym uzupe\u0142nieniem miernika jest oprogramowanie FOTON 12464 do wykonywania protoko\u0142\u00f3w z badania o\u015bwietlenia. Program ten komunikuje si\u0119 z miernikiem LXP-1, pobiera dane i pozwala u\u017cytkownikowi podda\u0107 je analizie w specjalnie do tego przygotowanych tabelach. Program dokonuje analizy wynik\u00f3w w oparciu o norm\u0119 \u201ePN-EN 12464 \u015awiat\u0142o i o\u015bwietlenie. O\u015bwietlenie miejsc pracy. Cz\u0119\u015b\u0107 1:Miejsca pracy we wn\u0119trzach\u201d \u2013 dla badania o\u015bwietlania stanowisk pracy oraz \u201ePN-EN 1838:2005 Zastosowanie o\u015bwietlenia. O\u015bwietlenie awaryjne\u201d \u2013 dla badania o\u015bwietlenia awaryjnego.<\/p><p>Protok\u00f3\u0142 ma struktur\u0119 drzewiast\u0105, dzi\u0119ki czemu u\u017cytkownik mo\u017ce odzwierciedli\u0107 struktur\u0119 rozk\u0142adu pomieszcze\u0144 w budynku. Do ka\u017cdego pomieszczenia mo\u017cna przypisa\u0107 trzy rodzaje bada\u0144 (og\u00f3lne, awaryjne, stanowisk pracy).<br \/>Dodaj\u0105c pomieszczenie do struktury, u\u017cytkownik definiuje rodzaj tego pomieszczenia zgodnie z klasyfikacj\u0105 okre\u015blon\u0105 w normie PN-EN-12464-1. Program automatycznie wy\u015bwietla kryteria oceny dla wybranego rodzaju pomieszczenia.<br \/>Wyniki wprowadzane przez u\u017cytkownika z klawiatury lub odczytane z miernika s\u0105 automatycznie poddane analizie i ocenie. Na bie\u017c\u0105co wyliczana jest \u015brednia nat\u0119\u017cenia o\u015bwietlenia i r\u00f3wnomierno\u015b\u0107 oraz inne niezb\u0119dne wsp\u00f3\u0142czynniki.<\/p>\t\t\t\t\t\t\t\t<\/div>\n\t\t\t\t<\/div>\n\t\t\t\t<div class=\"elementor-element elementor-element-3c0a79c elementor-widget elementor-widget-image\" data-id=\"3c0a79c\" data-element_type=\"widget\" data-e-type=\"widget\" data-widget_type=\"image.default\">\n\t\t\t\t<div class=\"elementor-widget-container\">\n\t\t\t\t\t\t\t\t\t\t\t\t\t\t\t<img loading=\"lazy\" decoding=\"async\" width=\"960\" height=\"690\" src=\"https:\/\/pomiary-elektryczne-warszawa.pl\/wordpress\/wp-content\/uploads\/2026\/02\/oswietlenie-7.jpg\" class=\"attachment-large size-large wp-image-1487\" alt=\"\" srcset=\"https:\/\/pomiary-elektryczne-warszawa.pl\/wordpress\/wp-content\/uploads\/2026\/02\/oswietlenie-7.jpg 960w, https:\/\/pomiary-elektryczne-warszawa.pl\/wordpress\/wp-content\/uploads\/2026\/02\/oswietlenie-7-300x216.jpg 300w, https:\/\/pomiary-elektryczne-warszawa.pl\/wordpress\/wp-content\/uploads\/2026\/02\/oswietlenie-7-768x552.jpg 768w\" sizes=\"(max-width: 960px) 100vw, 960px\" \/>\t\t\t\t\t\t\t\t\t\t\t\t\t\t\t<\/div>\n\t\t\t\t<\/div>\n\t\t\t\t<div class=\"elementor-element elementor-element-7bbfcdf elementor-widget elementor-widget-text-editor\" data-id=\"7bbfcdf\" data-element_type=\"widget\" data-e-type=\"widget\" data-widget_type=\"text-editor.default\">\n\t\t\t\t<div class=\"elementor-widget-container\">\n\t\t\t\t\t\t\t\t\t<p>Rys. 7. Import danych z miernika<\/p><p>Program zawiera szereg funkcji przyspieszaj\u0105cych tworzenie dokumentacji takich jak:<br \/>\u2022 klonowanie pomieszcze\u0144,<br \/>\u2022 wpis wielu punkt\u00f3w pomiarowych za jednym klikni\u0119ciem,<br \/>\u2022 obliczenie minimalnej ilo\u015bci punkt\u00f3w w danym pomieszczeniu,<br \/>\u2022 seryjne wype\u0142nianie nazw punkt\u00f3w pomiarowych.<\/p><p>Wydruk protoko\u0142u sk\u0142ada si\u0119 z kliku cz\u0119\u015bci:<br \/>\u2022 strona tytu\u0142owa, gdzie podane s\u0105 informacje o wykonawcy, miejscu pomiar\u00f3w, rodzajach bada\u0144, warunkach pomiar\u00f3w,<br \/>\u2022 spis tre\u015bci wraz ze spisem wszystkich pomieszcze\u0144,<br \/>\u2022 teoria pomiar\u00f3w, gdzie podane s\u0105 podstawowe definicje zwi\u0105zane z pomiarami o\u015bwietlenia oraz wyja\u015bnione s\u0105 oznaczenia u\u017cyte w programie,<br \/>\u2022 podsumowanie, gdzie podane s\u0105 informacje o osobach wykonuj\u0105cych badania, u\u017cytych miernikach oraz podane jest orzeczenie o pozytywnym lub negatywnym rezultacie bada\u0144.<\/p><p>Dane przechowywane s\u0105 w plikach (dokumentach), dzi\u0119ki czemu \u0142atwo mog\u0105 by\u0107 archiwizowane na dowolnym no\u015bniku i przesy\u0142ane np. poczt\u0105 internetow\u0105. Istnieje r\u00f3wnie\u017c mo\u017cliwo\u015b\u0107 wydrukowania dokumentu w postaci pliku PDF.<br \/>Program jest na bie\u017c\u0105co aktualizowany (r\u00f3wnie\u017c automatyczna aktualizacja online poprzez internet) a wersja demonstracyjna dost\u0119pna jest na stronie producenta.<\/p><p>\u00a0<\/p>\t\t\t\t\t\t\t\t<\/div>\n\t\t\t\t<\/div>\n\t\t\t\t\t<\/div>\n\t\t\t\t<\/div>\n\t\t\t\t<\/div>\n\t\t","protected":false},"excerpt":{"rendered":"<p>POMIARY O\u015aWIETLENIA WYJA\u015aNIENIE METOD na przyk\u0142adzie LUKSOMIERZA LXP-1 FIRMY SONEL Mo\u017cliwo\u015bci percepcyjne, a przez to stan psychofizyczny cz\u0142owieka zale\u017c\u0105 w [&hellip;]<\/p>\n","protected":false},"author":1,"featured_media":0,"parent":0,"menu_order":0,"comment_status":"closed","ping_status":"closed","template":"","meta":{"tpgb_global_settings":"","site-sidebar-layout":"no-sidebar","site-content-layout":"","ast-site-content-layout":"full-width-container","site-content-style":"default","site-sidebar-style":"default","ast-global-header-display":"","ast-banner-title-visibility":"","ast-main-header-display":"","ast-hfb-above-header-display":"","ast-hfb-below-header-display":"","ast-hfb-mobile-header-display":"","site-post-title":"disabled","ast-breadcrumbs-content":"","ast-featured-img":"disabled","footer-sml-layout":"","ast-disable-related-posts":"","theme-transparent-header-meta":"","adv-header-id-meta":"","stick-header-meta":"","header-above-stick-meta":"","header-main-stick-meta":"","header-below-stick-meta":"","astra-migrate-meta-layouts":"default","ast-page-background-enabled":"default","ast-page-background-meta":{"desktop":{"background-color":"var(--ast-global-color-4)","background-image":"","background-repeat":"repeat","background-position":"center center","background-size":"auto","background-attachment":"scroll","background-type":"","background-media":"","overlay-type":"","overlay-color":"","overlay-opacity":"","overlay-gradient":""},"tablet":{"background-color":"","background-image":"","background-repeat":"repeat","background-position":"center center","background-size":"auto","background-attachment":"scroll","background-type":"","background-media":"","overlay-type":"","overlay-color":"","overlay-opacity":"","overlay-gradient":""},"mobile":{"background-color":"","background-image":"","background-repeat":"repeat","background-position":"center center","background-size":"auto","background-attachment":"scroll","background-type":"","background-media":"","overlay-type":"","overlay-color":"","overlay-opacity":"","overlay-gradient":""}},"ast-content-background-meta":{"desktop":{"background-color":"var(--ast-global-color-5)","background-image":"","background-repeat":"repeat","background-position":"center center","background-size":"auto","background-attachment":"scroll","background-type":"","background-media":"","overlay-type":"","overlay-color":"","overlay-opacity":"","overlay-gradient":""},"tablet":{"background-color":"var(--ast-global-color-5)","background-image":"","background-repeat":"repeat","background-position":"center center","background-size":"auto","background-attachment":"scroll","background-type":"","background-media":"","overlay-type":"","overlay-color":"","overlay-opacity":"","overlay-gradient":""},"mobile":{"background-color":"var(--ast-global-color-5)","background-image":"","background-repeat":"repeat","background-position":"center center","background-size":"auto","background-attachment":"scroll","background-type":"","background-media":"","overlay-type":"","overlay-color":"","overlay-opacity":"","overlay-gradient":""}},"footnotes":""},"class_list":["post-1483","page","type-page","status-publish","hentry"],"yoast_head":"<!-- This site is optimized with the Yoast SEO plugin v27.4 - https:\/\/yoast.com\/product\/yoast-seo-wordpress\/ -->\n<title>Pomiary o\u015bwietlenia - BADANIA I POMIARY ELEKTRYCZNE<\/title>\n<meta name=\"robots\" content=\"index, follow, max-snippet:-1, max-image-preview:large, max-video-preview:-1\" \/>\n<link rel=\"canonical\" href=\"https:\/\/pomiary-elektryczne-warszawa.pl\/wordpress\/pomiary-oswietlenia\/\" \/>\n<meta property=\"og:locale\" content=\"pl_PL\" \/>\n<meta property=\"og:type\" content=\"article\" \/>\n<meta property=\"og:title\" content=\"Pomiary o\u015bwietlenia - BADANIA I POMIARY ELEKTRYCZNE\" \/>\n<meta property=\"og:description\" content=\"POMIARY O\u015aWIETLENIA WYJA\u015aNIENIE METOD na przyk\u0142adzie LUKSOMIERZA LXP-1 FIRMY SONEL Mo\u017cliwo\u015bci percepcyjne, a przez to stan psychofizyczny cz\u0142owieka zale\u017c\u0105 w [&hellip;]\" \/>\n<meta property=\"og:url\" content=\"https:\/\/pomiary-elektryczne-warszawa.pl\/wordpress\/pomiary-oswietlenia\/\" \/>\n<meta property=\"og:site_name\" content=\"BADANIA I POMIARY ELEKTRYCZNE\" \/>\n<meta property=\"article:publisher\" content=\"https:\/\/www.facebook.com\/pomiary.elektryczne.warszawa\" \/>\n<meta property=\"article:modified_time\" content=\"2026-03-28T16:41:36+00:00\" \/>\n<meta property=\"og:image\" content=\"http:\/\/pomiary-elektryczne-warszawa.pl\/wordpress\/wp-content\/uploads\/2026\/02\/oswietlenie-1.jpg\" \/>\n<meta name=\"twitter:card\" content=\"summary_large_image\" \/>\n<meta name=\"twitter:label1\" content=\"Szacowany czas czytania\" \/>\n\t<meta name=\"twitter:data1\" content=\"14 minut\" \/>\n<script type=\"application\/ld+json\" class=\"yoast-schema-graph\">{\"@context\":\"https:\\\/\\\/schema.org\",\"@graph\":[{\"@type\":\"WebPage\",\"@id\":\"https:\\\/\\\/pomiary-elektryczne-warszawa.pl\\\/wordpress\\\/pomiary-oswietlenia\\\/\",\"url\":\"https:\\\/\\\/pomiary-elektryczne-warszawa.pl\\\/wordpress\\\/pomiary-oswietlenia\\\/\",\"name\":\"Pomiary o\u015bwietlenia - BADANIA I POMIARY ELEKTRYCZNE\",\"isPartOf\":{\"@id\":\"http:\\\/\\\/pomiary-elektryczne-warszawa.pl\\\/wordpress\\\/#website\"},\"primaryImageOfPage\":{\"@id\":\"https:\\\/\\\/pomiary-elektryczne-warszawa.pl\\\/wordpress\\\/pomiary-oswietlenia\\\/#primaryimage\"},\"image\":{\"@id\":\"https:\\\/\\\/pomiary-elektryczne-warszawa.pl\\\/wordpress\\\/pomiary-oswietlenia\\\/#primaryimage\"},\"thumbnailUrl\":\"http:\\\/\\\/pomiary-elektryczne-warszawa.pl\\\/wordpress\\\/wp-content\\\/uploads\\\/2026\\\/02\\\/oswietlenie-1.jpg\",\"datePublished\":\"2026-02-26T13:27:33+00:00\",\"dateModified\":\"2026-03-28T16:41:36+00:00\",\"breadcrumb\":{\"@id\":\"https:\\\/\\\/pomiary-elektryczne-warszawa.pl\\\/wordpress\\\/pomiary-oswietlenia\\\/#breadcrumb\"},\"inLanguage\":\"pl-PL\",\"potentialAction\":[{\"@type\":\"ReadAction\",\"target\":[\"https:\\\/\\\/pomiary-elektryczne-warszawa.pl\\\/wordpress\\\/pomiary-oswietlenia\\\/\"]}]},{\"@type\":\"ImageObject\",\"inLanguage\":\"pl-PL\",\"@id\":\"https:\\\/\\\/pomiary-elektryczne-warszawa.pl\\\/wordpress\\\/pomiary-oswietlenia\\\/#primaryimage\",\"url\":\"https:\\\/\\\/pomiary-elektryczne-warszawa.pl\\\/wordpress\\\/wp-content\\\/uploads\\\/2026\\\/02\\\/oswietlenie-1.jpg\",\"contentUrl\":\"https:\\\/\\\/pomiary-elektryczne-warszawa.pl\\\/wordpress\\\/wp-content\\\/uploads\\\/2026\\\/02\\\/oswietlenie-1.jpg\",\"width\":798,\"height\":156},{\"@type\":\"BreadcrumbList\",\"@id\":\"https:\\\/\\\/pomiary-elektryczne-warszawa.pl\\\/wordpress\\\/pomiary-oswietlenia\\\/#breadcrumb\",\"itemListElement\":[{\"@type\":\"ListItem\",\"position\":1,\"name\":\"Strona g\u0142\u00f3wna\",\"item\":\"https:\\\/\\\/pomiary-elektryczne-warszawa.pl\\\/wordpress\\\/\"},{\"@type\":\"ListItem\",\"position\":2,\"name\":\"Pomiary o\u015bwietlenia\"}]},{\"@type\":\"WebSite\",\"@id\":\"http:\\\/\\\/pomiary-elektryczne-warszawa.pl\\\/wordpress\\\/#website\",\"url\":\"http:\\\/\\\/pomiary-elektryczne-warszawa.pl\\\/wordpress\\\/\",\"name\":\"POMIARY ELEKTRYCZNE KOMPLEKSOWO WARSZAWA I OKOLICE\",\"description\":\"POMIARY W WARSZAWIE I OKOLICY\",\"publisher\":{\"@id\":\"http:\\\/\\\/pomiary-elektryczne-warszawa.pl\\\/wordpress\\\/#organization\"},\"potentialAction\":[{\"@type\":\"SearchAction\",\"target\":{\"@type\":\"EntryPoint\",\"urlTemplate\":\"http:\\\/\\\/pomiary-elektryczne-warszawa.pl\\\/wordpress\\\/?s={search_term_string}\"},\"query-input\":{\"@type\":\"PropertyValueSpecification\",\"valueRequired\":true,\"valueName\":\"search_term_string\"}}],\"inLanguage\":\"pl-PL\"},{\"@type\":\"Organization\",\"@id\":\"http:\\\/\\\/pomiary-elektryczne-warszawa.pl\\\/wordpress\\\/#organization\",\"name\":\"US\u0141UGI ELEKTRYCZNE BART\u0141OMIEJ LITWIN\",\"url\":\"http:\\\/\\\/pomiary-elektryczne-warszawa.pl\\\/wordpress\\\/\",\"logo\":{\"@type\":\"ImageObject\",\"inLanguage\":\"pl-PL\",\"@id\":\"http:\\\/\\\/pomiary-elektryczne-warszawa.pl\\\/wordpress\\\/#\\\/schema\\\/logo\\\/image\\\/\",\"url\":\"https:\\\/\\\/pomiary-elektryczne-warszawa.pl\\\/wordpress\\\/wp-content\\\/uploads\\\/2024\\\/11\\\/kierownik-www.elektryk-bialoleka.pl_.jpg\",\"contentUrl\":\"https:\\\/\\\/pomiary-elektryczne-warszawa.pl\\\/wordpress\\\/wp-content\\\/uploads\\\/2024\\\/11\\\/kierownik-www.elektryk-bialoleka.pl_.jpg\",\"width\":400,\"height\":268,\"caption\":\"US\u0141UGI ELEKTRYCZNE BART\u0141OMIEJ LITWIN\"},\"image\":{\"@id\":\"http:\\\/\\\/pomiary-elektryczne-warszawa.pl\\\/wordpress\\\/#\\\/schema\\\/logo\\\/image\\\/\"},\"sameAs\":[\"https:\\\/\\\/www.facebook.com\\\/pomiary.elektryczne.warszawa\"]}]}<\/script>\n<!-- \/ Yoast SEO plugin. -->","yoast_head_json":{"title":"Pomiary o\u015bwietlenia - BADANIA I POMIARY ELEKTRYCZNE","robots":{"index":"index","follow":"follow","max-snippet":"max-snippet:-1","max-image-preview":"max-image-preview:large","max-video-preview":"max-video-preview:-1"},"canonical":"https:\/\/pomiary-elektryczne-warszawa.pl\/wordpress\/pomiary-oswietlenia\/","og_locale":"pl_PL","og_type":"article","og_title":"Pomiary o\u015bwietlenia - BADANIA I POMIARY ELEKTRYCZNE","og_description":"POMIARY O\u015aWIETLENIA WYJA\u015aNIENIE METOD na przyk\u0142adzie LUKSOMIERZA LXP-1 FIRMY SONEL Mo\u017cliwo\u015bci percepcyjne, a przez to stan psychofizyczny cz\u0142owieka zale\u017c\u0105 w [&hellip;]","og_url":"https:\/\/pomiary-elektryczne-warszawa.pl\/wordpress\/pomiary-oswietlenia\/","og_site_name":"BADANIA I POMIARY ELEKTRYCZNE","article_publisher":"https:\/\/www.facebook.com\/pomiary.elektryczne.warszawa","article_modified_time":"2026-03-28T16:41:36+00:00","og_image":[{"url":"http:\/\/pomiary-elektryczne-warszawa.pl\/wordpress\/wp-content\/uploads\/2026\/02\/oswietlenie-1.jpg","type":"","width":"","height":""}],"twitter_card":"summary_large_image","twitter_misc":{"Szacowany czas czytania":"14 minut"},"schema":{"@context":"https:\/\/schema.org","@graph":[{"@type":"WebPage","@id":"https:\/\/pomiary-elektryczne-warszawa.pl\/wordpress\/pomiary-oswietlenia\/","url":"https:\/\/pomiary-elektryczne-warszawa.pl\/wordpress\/pomiary-oswietlenia\/","name":"Pomiary o\u015bwietlenia - BADANIA I POMIARY ELEKTRYCZNE","isPartOf":{"@id":"http:\/\/pomiary-elektryczne-warszawa.pl\/wordpress\/#website"},"primaryImageOfPage":{"@id":"https:\/\/pomiary-elektryczne-warszawa.pl\/wordpress\/pomiary-oswietlenia\/#primaryimage"},"image":{"@id":"https:\/\/pomiary-elektryczne-warszawa.pl\/wordpress\/pomiary-oswietlenia\/#primaryimage"},"thumbnailUrl":"http:\/\/pomiary-elektryczne-warszawa.pl\/wordpress\/wp-content\/uploads\/2026\/02\/oswietlenie-1.jpg","datePublished":"2026-02-26T13:27:33+00:00","dateModified":"2026-03-28T16:41:36+00:00","breadcrumb":{"@id":"https:\/\/pomiary-elektryczne-warszawa.pl\/wordpress\/pomiary-oswietlenia\/#breadcrumb"},"inLanguage":"pl-PL","potentialAction":[{"@type":"ReadAction","target":["https:\/\/pomiary-elektryczne-warszawa.pl\/wordpress\/pomiary-oswietlenia\/"]}]},{"@type":"ImageObject","inLanguage":"pl-PL","@id":"https:\/\/pomiary-elektryczne-warszawa.pl\/wordpress\/pomiary-oswietlenia\/#primaryimage","url":"https:\/\/pomiary-elektryczne-warszawa.pl\/wordpress\/wp-content\/uploads\/2026\/02\/oswietlenie-1.jpg","contentUrl":"https:\/\/pomiary-elektryczne-warszawa.pl\/wordpress\/wp-content\/uploads\/2026\/02\/oswietlenie-1.jpg","width":798,"height":156},{"@type":"BreadcrumbList","@id":"https:\/\/pomiary-elektryczne-warszawa.pl\/wordpress\/pomiary-oswietlenia\/#breadcrumb","itemListElement":[{"@type":"ListItem","position":1,"name":"Strona g\u0142\u00f3wna","item":"https:\/\/pomiary-elektryczne-warszawa.pl\/wordpress\/"},{"@type":"ListItem","position":2,"name":"Pomiary o\u015bwietlenia"}]},{"@type":"WebSite","@id":"http:\/\/pomiary-elektryczne-warszawa.pl\/wordpress\/#website","url":"http:\/\/pomiary-elektryczne-warszawa.pl\/wordpress\/","name":"POMIARY ELEKTRYCZNE KOMPLEKSOWO WARSZAWA I OKOLICE","description":"POMIARY W WARSZAWIE I OKOLICY","publisher":{"@id":"http:\/\/pomiary-elektryczne-warszawa.pl\/wordpress\/#organization"},"potentialAction":[{"@type":"SearchAction","target":{"@type":"EntryPoint","urlTemplate":"http:\/\/pomiary-elektryczne-warszawa.pl\/wordpress\/?s={search_term_string}"},"query-input":{"@type":"PropertyValueSpecification","valueRequired":true,"valueName":"search_term_string"}}],"inLanguage":"pl-PL"},{"@type":"Organization","@id":"http:\/\/pomiary-elektryczne-warszawa.pl\/wordpress\/#organization","name":"US\u0141UGI ELEKTRYCZNE BART\u0141OMIEJ LITWIN","url":"http:\/\/pomiary-elektryczne-warszawa.pl\/wordpress\/","logo":{"@type":"ImageObject","inLanguage":"pl-PL","@id":"http:\/\/pomiary-elektryczne-warszawa.pl\/wordpress\/#\/schema\/logo\/image\/","url":"https:\/\/pomiary-elektryczne-warszawa.pl\/wordpress\/wp-content\/uploads\/2024\/11\/kierownik-www.elektryk-bialoleka.pl_.jpg","contentUrl":"https:\/\/pomiary-elektryczne-warszawa.pl\/wordpress\/wp-content\/uploads\/2024\/11\/kierownik-www.elektryk-bialoleka.pl_.jpg","width":400,"height":268,"caption":"US\u0141UGI ELEKTRYCZNE BART\u0141OMIEJ LITWIN"},"image":{"@id":"http:\/\/pomiary-elektryczne-warszawa.pl\/wordpress\/#\/schema\/logo\/image\/"},"sameAs":["https:\/\/www.facebook.com\/pomiary.elektryczne.warszawa"]}]}},"tpgb_featured_images":null,"tpgb_post_meta_info":{"get_date":"26 lutego, 2026","get_modified_date":"28 marca, 2026","author_name":"pomiarye1","author_url":"https:\/\/pomiary-elektryczne-warszawa.pl\/wordpress\/blog\/author\/pomiarye1\/","author_email":"bartlomiej.litwin@wp.pl","author_website":"http:\/\/pomiary-elektryczne-warszawa.pl\/wordpress","author_description":"","author_facebook":"","author_twitter":"","author_instagram":"","author_role":["administrator"],"author_firstname":"","author_lastname":"","user_login":"pomiarye1","author_avatar":"<img alt='' src='https:\/\/secure.gravatar.com\/avatar\/22ed8b257b6e937fdf0de83f3814a2614843d1c45e713dd6889351d08a08c8a7?s=200&#038;d=mm&#038;r=g' srcset='https:\/\/secure.gravatar.com\/avatar\/22ed8b257b6e937fdf0de83f3814a2614843d1c45e713dd6889351d08a08c8a7?s=400&#038;d=mm&#038;r=g 2x' class='avatar avatar-200 photo' height='200' width='200' decoding='async'\/>","author_avatar_url":"https:\/\/secure.gravatar.com\/avatar\/22ed8b257b6e937fdf0de83f3814a2614843d1c45e713dd6889351d08a08c8a7?s=96&d=mm&r=g","comment_count":0,"post_likes":0,"post_views":0},"tpgb_post_category":[],"_links":{"self":[{"href":"https:\/\/pomiary-elektryczne-warszawa.pl\/wordpress\/wp-json\/wp\/v2\/pages\/1483","targetHints":{"allow":["GET"]}}],"collection":[{"href":"https:\/\/pomiary-elektryczne-warszawa.pl\/wordpress\/wp-json\/wp\/v2\/pages"}],"about":[{"href":"https:\/\/pomiary-elektryczne-warszawa.pl\/wordpress\/wp-json\/wp\/v2\/types\/page"}],"author":[{"embeddable":true,"href":"https:\/\/pomiary-elektryczne-warszawa.pl\/wordpress\/wp-json\/wp\/v2\/users\/1"}],"replies":[{"embeddable":true,"href":"https:\/\/pomiary-elektryczne-warszawa.pl\/wordpress\/wp-json\/wp\/v2\/comments?post=1483"}],"version-history":[{"count":62,"href":"https:\/\/pomiary-elektryczne-warszawa.pl\/wordpress\/wp-json\/wp\/v2\/pages\/1483\/revisions"}],"predecessor-version":[{"id":2114,"href":"https:\/\/pomiary-elektryczne-warszawa.pl\/wordpress\/wp-json\/wp\/v2\/pages\/1483\/revisions\/2114"}],"wp:attachment":[{"href":"https:\/\/pomiary-elektryczne-warszawa.pl\/wordpress\/wp-json\/wp\/v2\/media?parent=1483"}],"curies":[{"name":"wp","href":"https:\/\/api.w.org\/{rel}","templated":true}]}}